{"id":120,"date":"2013-01-06T23:46:58","date_gmt":"2013-01-06T23:46:58","guid":{"rendered":"http:\/\/www.jurajski-fotoklub.pl\/?page_id=120"},"modified":"2024-04-29T14:33:05","modified_gmt":"2024-04-29T12:33:05","slug":"wladze","status":"publish","type":"page","link":"https:\/\/www.jurajski-fotoklub.pl\/index.php\/wladze\/","title":{"rendered":"<center>W\u0142adze<\/center>"},"content":{"rendered":"\n<p><\/p>\n\n\n<p style=\"text-align: center;\"><span style=\"color: #c0c0c0;\">Prezes Jurajskiego Fotoklubu RP<\/span><\/p>\n<h2 style=\"text-align: center;\"><span style=\"color: #c0c0c0;\"><strong><span style=\"font-size: medium;\">S\u0142awomir Jod\u0142owski<\/span><br \/><\/strong><\/span><\/h2>\n<div style=\"text-align: center;\"><span style=\"color: #c0c0c0;\">tel. kom. 604350931,<\/span><\/div>\n<div style=\"text-align: center;\"><span style=\"color: #c0c0c0;\">e-mail : <a href=\"mailto:jodlowski@rok.czestochowa.pl\"><span style=\"color: #c0c0c0;\">jodlowski@rok.czestochowa.pl<\/span><\/a><\/span><\/div>\n<p>\u00a0<\/p>\n<p style=\"text-align: center;\"><span style=\"color: #c0c0c0;\">Zast\u0119pca Prezesa Jurajskiego Fotoklubu RP<\/span><\/p>\n<h2 style=\"text-align: center;\"><span style=\"color: #c0c0c0;\"><strong><span style=\"font-size: medium;\">Janusz St\u0119pie\u0144<\/span><\/strong><\/span><\/h2>\n<p><span style=\"color: #c0c0c0;\">\u00a0<\/span><\/p>\n<p style=\"text-align: center;\"><span style=\"color: #c0c0c0;\">Sekretarz Jurajskiego Fotoklubu RP<\/span><\/p>\n<h2 style=\"text-align: center;\"><span style=\"color: #c0c0c0;\"><strong><span style=\"font-size: medium;\">Nina Mazu\u015b<\/span><\/strong><\/span><\/h2>\n<p><span style=\"color: #c0c0c0;\">\u00a0<\/span><\/p>\n<p style=\"text-align: center;\"><span style=\"color: #c0c0c0;\">Skarbnik Jurajskiego Fotoklubu RP<\/span><\/p>\n<h2 style=\"text-align: center;\"><span style=\"color: #c0c0c0;\"><strong><span style=\"font-size: medium;\">Andrzej Szl\u0119zak<\/span><\/strong><\/span><\/h2>\n<p>\u00a0<\/p>\n<p style=\"text-align: center;\">\u00a0 \u00a0 \u00a0 Specjalista d\/s szkole\u0144 Jurajskiego Fotoklubu<\/p>\n<p style=\"text-align: center;\"><strong>Krzysztof Cegielski<\/strong><\/p>\n<p>\u00a0<\/p>\n<p style=\"text-align: center;\"><span style=\"color: #c0c0c0;\">KOMISJA REWIZYJNA<\/span><\/p>\n<p style=\"text-align: center;\"><span style=\"color: #c0c0c0;\">Krzysztof Polak<\/span><\/p>\n<p style=\"text-align: center;\"><span style=\"color: #c0c0c0;\">Pawe\u0142 Klekowski<\/span><\/p>\n<p style=\"text-align: center;\"><span style=\"color: #c0c0c0;\">Jacek Kami\u0144ski<\/span><\/p>","protected":false},"excerpt":{"rendered":"<p>Prezes Jurajskiego Fotoklubu RP S\u0142awomir Jod\u0142owski tel. kom. 604350931, e-mail : jodlowski@rok.czestochowa.pl \u00a0 Zast\u0119pca Prezesa Jurajskiego Fotoklubu RP Janusz St\u0119pie\u0144 \u00a0 Sekretarz Jurajskiego Fotoklubu RP Nina Mazu\u015b \u00a0 Skarbnik Jurajskiego Fotoklubu RP Andrzej Szl\u0119zak \u00a0 \u00a0 \u00a0 \u00a0 Specjalista d\/s szkole\u0144 Jurajskiego Fotoklubu Krzysztof Cegielski \u00a0 KOMISJA REWIZYJNA Krzysztof Polak Pawe\u0142 Klekowski Jacek Kami\u0144ski<\/p>\n","protected":false},"author":1,"featured_media":0,"parent":0,"menu_order":3,"comment_status":"open","ping_status":"open","template":"","meta":{"footnotes":""},"class_list":["post-120","page","type-page","status-publish","hentry"],"_links":{"self":[{"href":"https:\/\/www.jurajski-fotoklub.pl\/index.php\/wp-json\/wp\/v2\/pages\/120","targetHints":{"allow":["GET"]}}],"collection":[{"href":"https:\/\/www.jurajski-fotoklub.pl\/index.php\/wp-json\/wp\/v2\/pages"}],"about":[{"href":"https:\/\/www.jurajski-fotoklub.pl\/index.php\/wp-json\/wp\/v2\/types\/page"}],"author":[{"embeddable":true,"href":"https:\/\/www.jurajski-fotoklub.pl\/index.php\/wp-json\/wp\/v2\/users\/1"}],"replies":[{"embeddable":true,"href":"https:\/\/www.jurajski-fotoklub.pl\/index.php\/wp-json\/wp\/v2\/comments?post=120"}],"version-history":[{"count":16,"href":"https:\/\/www.jurajski-fotoklub.pl\/index.php\/wp-json\/wp\/v2\/pages\/120\/revisions"}],"predecessor-version":[{"id":5086,"href":"https:\/\/www.jurajski-fotoklub.pl\/index.php\/wp-json\/wp\/v2\/pages\/120\/revisions\/5086"}],"wp:attachment":[{"href":"https:\/\/www.jurajski-fotoklub.pl\/index.php\/wp-json\/wp\/v2\/media?parent=120"}],"curies":[{"name":"wp","href":"https:\/\/api.w.org\/{rel}","templated":true}]}}