{"id":1517,"date":"2014-01-17T08:43:13","date_gmt":"2014-01-17T08:43:13","guid":{"rendered":"http:\/\/www.jurajski-fotoklub.pl\/?page_id=1517"},"modified":"2014-10-14T08:14:32","modified_gmt":"2014-10-14T08:14:32","slug":"wrzesien","status":"publish","type":"page","link":"https:\/\/www.jurajski-fotoklub.pl\/index.php\/wrzesien\/","title":{"rendered":"Wrzesie\u0144 &#8211; &#8222;NOSTALGIA&#8221;"},"content":{"rendered":"<p style=\"text-align: center;\"><span style=\"color: #c0c0c0;\">Temat wrze\u015bniowego konkursu &#8222;zdj\u0119cie miesi\u0105ca&#8221; to :<\/span><\/p>\n<h1 style=\"text-align: center;\"><span style=\"color: #c0c0c0;\">&#8222;NOSTALGIA&#8221;<\/span><\/h1>\n<p style=\"text-align: center;\"><span style=\"color: #c0c0c0;\">I miejsce &#8211; ex aequoe <strong><strong>Dariusz GAWRO\u0143SKI<\/strong><br \/>\n<\/strong><\/span><\/p>\n<p style=\"text-align: center;\"><span style=\"color: #c0c0c0;\">[nggallery id=98]<\/span><\/p>\n<p style=\"text-align: center;\"><span style=\"color: #c0c0c0;\">oraz <strong><strong><strong><strong>Agnieszka DUMA\u0143SKA<br \/>\n<\/strong><\/strong><\/strong><\/strong><\/span><\/p>\n<p style=\"text-align: center;\"><span style=\"color: #c0c0c0;\">[nggallery id=99]<\/span><\/p>\n<p style=\"text-align: center;\"><span style=\"color: #c0c0c0;\">II miejsce &#8211; ex aequoe <strong><strong>Dariusz GAWRO\u0143SKI<\/strong><\/strong><strong><br \/>\n<\/strong><\/span><\/p>\n<p style=\"text-align: center;\"><span style=\"color: #c0c0c0;\">[nggallery id=100]<\/span><\/p>\n<p style=\"text-align: center;\"><span style=\"color: #c0c0c0;\">oraz <strong><strong><strong><strong><strong><strong><strong><strong>Ma\u0142gorzata KOZAKOWSKA <\/strong><\/strong><\/strong><\/strong><\/strong><\/strong><\/strong><\/strong><\/span><\/p>\n<p style=\"text-align: center;\"><span style=\"color: #c0c0c0;\">[nggallery id=101]<\/span><\/p>\n<p style=\"text-align: center;\"><span style=\"color: #c0c0c0;\">III miejsce &#8211;<strong> ex aequoe <strong><strong>Dariusz GAWRO\u0143SKI<\/strong><\/strong><strong><\/strong><strong><strong><\/strong><\/strong><br \/>\n<\/strong><\/span><\/p>\n<p style=\"text-align: center;\"><span style=\"color: #c0c0c0;\">[nggallery id=102]<\/span><\/p>\n<p style=\"text-align: center;\"><span style=\"color: #c0c0c0;\">oraz <strong><strong><strong><strong><strong><strong><strong><strong>Nina Mazu\u015b<br \/>\n<\/strong><\/strong><\/strong><\/strong><\/strong><\/strong><\/strong><\/strong><\/span><\/p>\n<p style=\"text-align: center;\"><span style=\"color: #c0c0c0;\">[nggallery id=103]<\/span><\/p>\n","protected":false},"excerpt":{"rendered":"<p>Temat wrze\u015bniowego konkursu &#8222;zdj\u0119cie miesi\u0105ca&#8221; to : &#8222;NOSTALGIA&#8221; I miejsce &#8211; ex aequoe Dariusz GAWRO\u0143SKI [nggallery id=98] oraz Agnieszka DUMA\u0143SKA [nggallery id=99] II miejsce &#8211; ex aequoe Dariusz GAWRO\u0143SKI [nggallery id=100] oraz Ma\u0142gorzata KOZAKOWSKA [nggallery id=101] III miejsce &#8211; ex aequoe Dariusz GAWRO\u0143SKI [nggallery id=102] oraz Nina Mazu\u015b [nggallery id=103]<\/p>\n","protected":false},"author":1,"featured_media":0,"parent":0,"menu_order":0,"comment_status":"open","ping_status":"open","template":"","meta":{"footnotes":""},"class_list":["post-1517","page","type-page","status-publish","hentry"],"_links":{"self":[{"href":"https:\/\/www.jurajski-fotoklub.pl\/index.php\/wp-json\/wp\/v2\/pages\/1517","targetHints":{"allow":["GET"]}}],"collection":[{"href":"https:\/\/www.jurajski-fotoklub.pl\/index.php\/wp-json\/wp\/v2\/pages"}],"about":[{"href":"https:\/\/www.jurajski-fotoklub.pl\/index.php\/wp-json\/wp\/v2\/types\/page"}],"author":[{"embeddable":true,"href":"https:\/\/www.jurajski-fotoklub.pl\/index.php\/wp-json\/wp\/v2\/users\/1"}],"replies":[{"embeddable":true,"href":"https:\/\/www.jurajski-fotoklub.pl\/index.php\/wp-json\/wp\/v2\/comments?post=1517"}],"version-history":[{"count":6,"href":"https:\/\/www.jurajski-fotoklub.pl\/index.php\/wp-json\/wp\/v2\/pages\/1517\/revisions"}],"predecessor-version":[{"id":1993,"href":"https:\/\/www.jurajski-fotoklub.pl\/index.php\/wp-json\/wp\/v2\/pages\/1517\/revisions\/1993"}],"wp:attachment":[{"href":"https:\/\/www.jurajski-fotoklub.pl\/index.php\/wp-json\/wp\/v2\/media?parent=1517"}],"curies":[{"name":"wp","href":"https:\/\/api.w.org\/{rel}","templated":true}]}}