{"id":2259,"date":"2015-03-16T10:39:48","date_gmt":"2015-03-16T10:39:48","guid":{"rendered":"http:\/\/www.jurajski-fotoklub.pl\/?page_id=2259"},"modified":"2015-03-16T10:39:48","modified_gmt":"2015-03-16T10:39:48","slug":"spacerkiem-przez-fotografie-spotkanie-iii-kompozycja-prezentacja-fotograficzna","status":"publish","type":"page","link":"https:\/\/www.jurajski-fotoklub.pl\/index.php\/fotoinformacje\/spacerkiem-przez-fotografie-spotkanie-iii-kompozycja-prezentacja-fotograficzna\/","title":{"rendered":"Spacerkiem przez fotografi\u0119 &#8211; spotkanie III &#8211; Kompozycja, prezentacja fotograficzna"},"content":{"rendered":"<p><strong>Dom Kultury w Rybniku-Chwa\u0142owicach <\/strong><\/p>\n<p><a href=\"http:\/\/www.dkchwalowice.pl\">www.dkchwalowice.pl<\/a><\/p>\n<p>Rybnik ul. 1 Maja 91B, tel. 32 4216222<\/p>\n<p>&nbsp;<\/p>\n<p><strong>zaprasza na niecodzienne i nietypowe warsztaty fotograficzne:<\/strong><\/p>\n<p><strong><em>SPACERKIEM PRZEZ FOTOGRAFI\u0118 <\/em>&#8211; cykl spotka\u0144 artystyczno-kompozycyjnych.<\/strong><\/p>\n<p>&nbsp;<\/p>\n<p><strong>Spotkanie III &#8211; <\/strong><strong><em>Kompozycja\u2026, prezentacja wystawiennicza<\/em><\/strong><strong><em>.<\/em><\/strong><\/p>\n<p><strong>Sobota 7 marca 2015 r. &#8211; pocz\u0105tek o godz. 10.00<\/strong><\/p>\n<p>&nbsp;<\/p>\n<p>Spotkanie poprowadzi <strong>Artur Rychlicki <\/strong>&#8211; fotograf, pedagog, filozof, tw\u00f3rca autorskich warsztat\u00f3w fotografii www.warsztaty-fotograficzne.org.<\/p>\n<p>&nbsp;<\/p>\n<p>Cena warsztatu &#8211; to jedyne 20 z\u0142.<\/p>\n<p><strong>Zg\u0142oszenia udzia\u0142u w warsztacie prosz\u0119 wysy\u0142a\u0107 na maila: dkchwalowice@wp.pl. <\/strong><\/p>\n<p>Szczeg\u00f3\u0142owych informacji udziela Krzysztof \u0141apka &#8211; tel. 513064196 , dkchwalowice@wp.pl.<\/p>\n<p>&nbsp;<\/p>\n<p><strong>Warsztaty s\u0105 skierowane do wszystkich os\u00f3b, kt\u00f3re chcia\u0142yby poszerzy\u0107 sw\u00f3j j\u0119zyk estetycznego i artystycznego wyrazu. <\/strong>S\u0105 to pr\u00f3by nauki szerokiego rozumienia fotografii, czyli jak filozofowa\u0107 przy pomocy aparatu fotograficznego, jak rozwija\u0107 swoj\u0105 \u015bwiadomo\u015b\u0107, aby w pe\u0142ni m\u00f3c tw\u00f3rczo wyrazi\u0107 siebie. Cztery spotkania &#8211; fotograficzne spacerki na temat znaczenia wra\u017ce\u0144 zmys\u0142owych w fotografii.<\/p>\n<p>&nbsp;<\/p>\n<p><strong>Spotkanie III, podobnie jak spotkanie II b\u0119dzie po\u015bwi\u0119cone kompozycji i estetyce obrazu fotograficznego<\/strong> &#8211; poznanie tajnik\u00f3w estetyki fotografii, aby w kontrolowany i \u015bwiadomy spos\u00f3b przekaza\u0107 w fotografii to, co jest w niej istotne, aby obraz fotograficzny stanowi\u0142 harmonijny uk\u0142ad interesuj\u0105cej tre\u015bci i niebanalnej formy.<\/p>\n<p><strong>W pierwszej cz\u0119\u015bci spotkania om\u00f3wiony zostanie materia\u0142 \u201edomowy\u201d<\/strong> z sugestiami dr\u00f3g podj\u0119cia tematu przez prowadz\u0105cego. A zadanie domowe dla uczestnik\u00f3w warsztatu polega na przygotowaniu fotografii (w formie elektronicznej) w nast\u0119puj\u0105cych tematach:<\/p>\n<p><strong><\/strong><\/p>\n<p><strong>1. <em>Wywr\u00f3\u0107my to wreszcie do g\u00f3ry nogami.<\/em><\/strong><\/p>\n<p><strong>2. <em>Ksi\u0119ga jest mitem, moje dziecko.<\/em><\/strong><\/p>\n<p><strong>3. <em>Cudowna chwila, a b\u0119d\u0105 ich jeszcze miliony.<\/em><\/strong><\/p>\n<p><strong><\/strong><\/p>\n<p>W drugiej cz\u0119\u015bci spotkania om\u00f3wimy temat <strong>przygotowania prezentacji wystawienniczej<\/strong>, oraz uzyskamy odpowied\u017a na pytanie <strong><em>\u201edlaczego slide show, to jednak nie prezentacja fotograficzna&#8221;<\/em><\/strong>, czyli przygotowanie fotografii do wystawy fotograficznej.<\/p>\n<p>&nbsp;<\/p>\n<p><strong>Artur Rychlicki <\/strong>&#8211; krakowski fotograf, studiowa\u0142 filozofi\u0119, swoje prace wystawia\u0142 w Polsce, Wielkiej Brytanii, Danii, prowadzi\u0142 tam r\u00f3wnie\u017c warsztaty fotograficzne. Wsp\u00f3\u0142pracowa\u0142 w projektach artystycznych\u00a0m.in. z Richardem Demarco oraz Andrea Cusumano. Specjalizuje si\u0119 w fotografii analogowej (techniki srebrowe) oraz technikach szlachetnych (m.in. guma chromianowa). Na zaj\u0119ciach warsztatowych prowadzi r\u00f3wnie\u017c wyk\u0142ady z historii fotografii, sztuki oraz z zagadnie\u0144 zwi\u0105zanych z estetyk\u0105. Od dziecka zwi\u0105zany ze sztuk\u0105 i osob\u0105 Tadeusza Kantora (jest synem aktor\u00f3w od lat wsp\u00f3\u0142pracuj\u0105cych i zwi\u0105zanych z teatrem &#8222;Cricot 2&#8221;). Autor znacz\u0105cych wystaw m.in. wystawy pt. <em>\u201ePodr\u00f3\u017cni\u201d,<\/em> kt\u00f3ra stanowi og\u00f3ln\u0105 refleksj\u0119 na temat drogi ka\u017cdego cz\u0142owieka, poszukiwania i spotykania innych os\u00f3b.<\/p>\n","protected":false},"excerpt":{"rendered":"<p>Dom Kultury w Rybniku-Chwa\u0142owicach www.dkchwalowice.pl Rybnik ul. 1 Maja 91B, tel. 32 4216222 &nbsp; zaprasza na niecodzienne i nietypowe warsztaty fotograficzne: SPACERKIEM PRZEZ FOTOGRAFI\u0118 &#8211; cykl spotka\u0144 artystyczno-kompozycyjnych. &nbsp; Spotkanie III &#8211; Kompozycja\u2026, prezentacja wystawiennicza. Sobota 7 marca 2015 r. &#8211; pocz\u0105tek o godz. 10.00 &nbsp; Spotkanie poprowadzi Artur Rychlicki &#8211; fotograf, pedagog, filozof, tw\u00f3rca [&hellip;]<\/p>\n","protected":false},"author":11,"featured_media":0,"parent":1040,"menu_order":0,"comment_status":"open","ping_status":"open","template":"","meta":{"footnotes":""},"class_list":["post-2259","page","type-page","status-publish","hentry"],"_links":{"self":[{"href":"https:\/\/www.jurajski-fotoklub.pl\/index.php\/wp-json\/wp\/v2\/pages\/2259","targetHints":{"allow":["GET"]}}],"collection":[{"href":"https:\/\/www.jurajski-fotoklub.pl\/index.php\/wp-json\/wp\/v2\/pages"}],"about":[{"href":"https:\/\/www.jurajski-fotoklub.pl\/index.php\/wp-json\/wp\/v2\/types\/page"}],"author":[{"embeddable":true,"href":"https:\/\/www.jurajski-fotoklub.pl\/index.php\/wp-json\/wp\/v2\/users\/11"}],"replies":[{"embeddable":true,"href":"https:\/\/www.jurajski-fotoklub.pl\/index.php\/wp-json\/wp\/v2\/comments?post=2259"}],"version-history":[{"count":1,"href":"https:\/\/www.jurajski-fotoklub.pl\/index.php\/wp-json\/wp\/v2\/pages\/2259\/revisions"}],"predecessor-version":[{"id":2260,"href":"https:\/\/www.jurajski-fotoklub.pl\/index.php\/wp-json\/wp\/v2\/pages\/2259\/revisions\/2260"}],"up":[{"embeddable":true,"href":"https:\/\/www.jurajski-fotoklub.pl\/index.php\/wp-json\/wp\/v2\/pages\/1040"}],"wp:attachment":[{"href":"https:\/\/www.jurajski-fotoklub.pl\/index.php\/wp-json\/wp\/v2\/media?parent=2259"}],"curies":[{"name":"wp","href":"https:\/\/api.w.org\/{rel}","templated":true}]}}