{"id":2402,"date":"2015-05-18T07:38:20","date_gmt":"2015-05-18T07:38:20","guid":{"rendered":"http:\/\/www.jurajski-fotoklub.pl\/?page_id=2402"},"modified":"2015-05-18T07:42:49","modified_gmt":"2015-05-18T07:42:49","slug":"2402-2","status":"publish","type":"page","link":"https:\/\/www.jurajski-fotoklub.pl\/index.php\/fotoinformacje\/2402-2\/","title":{"rendered":"Spotkania fotograficzne &#8211; Aleje tu si\u0119 dzieje &#8211; maj 2015"},"content":{"rendered":"<p>We wtorek, 12 maja, o godz. 19.00 w Odwachu (Aleja Naj\u015bwi\u0119tszej Maryi Panny 45a) odb\u0119dzie si\u0119 pierwsze spotkanie z fotografi\u0105 w ramach projektu \u201eAleje &#8211; tu si\u0119 dzieje\u201d.<\/p>\n<p>Organizatorem spotka\u0144 jest Wydzia\u0142 Kultury, Promocji i Sportu Urz\u0119du Miasta Cz\u0119stochowy oraz Fundacja Festiwal Sztuki Fotoreporta\u017cu.<\/p>\n<p>Nasze wieczorne spotkania fotograficzne, odbywa\u0107 si\u0119 b\u0119d\u0105 we wtorki, zamiennie ze spotkaniami filmowymi. Postaramy si\u0119 doci\u0105gn\u0105\u0107 je do otwarcia 10. edycji konkursu fotograficznego \u201eKlimaty Cz\u0119stochowy\u201d. To w\u0142a\u015bnie jubileuszowa edycja konkursu jest pretekstem do zorganizowania wtorkowych spotka\u0144. Na ka\u017cde z nich zaprosimy fotograf\u00f3w odnosz\u0105cych sukcesy w Polsce i na \u015bwiecie, oraz naszych rodzimych, cz\u0119stochowskich, dzia\u0142aj\u0105cych w tych samych dziedzinach fotograficznych. Ka\u017cde z nich b\u0119dzie dotyczy\u0142o innej dziedziny fotografii, od portretu, przez fotoreporta\u017c, fotografie z podr\u00f3\u017cy, solarigrafie, dokument po fotografi\u0119 promocyjn\u0105 miast i region\u00f3w&#8230; Mamy nadziej\u0119, \u017ce takie spotkania, wzbogacone o pokazy zdj\u0119\u0107 zach\u0119c\u0105 do dyskusji mi\u0119dzy fotografuj\u0105cymi, a tak\u017ce sprowokuj\u0105 odbiorc\u00f3w do czynnego udzia\u0142u.<\/p>\n<p><strong>Wst\u0119p na ka\u017cde spotkanie jest bezp\u0142atny.\u00a0<\/strong><\/p>\n<p>Na pierwszy ogie\u0144 idzie fotografia uliczna. Spotkamy si\u0119 z Damianem Chrobakiem i Kamilem Pawlikiem.<\/p>\n<p>Damian Chrobak, urodzi\u0142 si\u0119\u00a0 w 1977 w Jastrz\u0119biu Zdroju. Fotografi\u0105 zainteresowa\u0142 si\u0119 w 2003 roku, rozpocz\u0105\u0142 wtedy nauk\u0119 na Akademii Fotografii w Warszawie. Po pierwszym roku opu\u015bci\u0142 szko\u0142\u0119 chc\u0105c szuka\u0107 w\u0142asnego g\u0142osu w fotografii. Wyjecha\u0142 do Londynu, gdzie uko\u0144czy\u0142 kurs Black &amp; White Photography na University of the Arts London. Street Photography i fotografia dokumentalna jest gatunkiem fotografii kt\u00f3ry upodoba\u0142 sobie najbardziej. Swoje zdj\u0119cia pokazywa\u0142 na wystawach grupowych i indywidualnych w Polsce i Europie. Od 2010 jest cz\u0142onekiem ZPAFu gdzie prowadzi warsztaty z\u00a0fotografii ulicznej. Jest tak\u017ce pomys\u0142odawca i zalo\u017cycielem grupy fotograficznej un-posed.<\/p>\n<p>Jego fotografi\u0119 uliczn\u0105 cechuje ogromna wra\u017cliwo\u015b\u0107 estetyczna oraz psychologiczna i socjologiczna przenikliwo\u015b\u0107. Fotograf wy\u0142awia z otaczaj\u0105cego go biegu zdarze\u0144 momenty pozornie nieistotne i odkrywa ich szczeg\u00f3lne znaczenie. Najwa\u017cniejsza dla niego w fotografii jest g\u0142\u0119boko humanitarna refleksja nad charakterem tak jednostki jak i spo\u0142ecznych mas. Rejestruje codzienno\u015b\u0107, kt\u00f3ra, jak twierdzi \u201eotacza nas przez wi\u0119kszo\u015b\u0107 czasu, tymczasem ledwie j\u0105 zauwa\u017camy\u201c. Dowodzi, \u017ce tzw. zwyk\u0142e, nieznacz\u0105ce momenty w \u017cyciu bardzo cz\u0119sto posiadaj\u0105 swoje ukryte znaczenie, s\u0105 interesuj\u0105ce, zabawne, groteskowe czy wiekopomne. Przechadzaj\u0105c si\u0119 po ulicach XXI-wiecznego miasta, stara si\u0119 uchwyci\u0107 na kliszy co\u015b ponadczasowego, jak\u0105\u015b odwieczn\u0105 prawd\u0119 o cz\u0142owieku, prawd\u0119 kt\u00f3ra nie uleg\u0142a zmianie na przestrzeni setek, tysi\u0119cy lat.<\/p>\n<p>&nbsp;<\/p>\n<p>Kamil Pawlik (Karmazyniello) ur. 1983.<\/p>\n<p>&nbsp;<\/p>\n<p>Zdj\u0119cia robi od 2008 roku, mieszka w Cz\u0119stochowie. Street photo to gatunek kt\u00f3ry przenika wszystko to co w fotografii go interesuje, od portretu poprzez reporta\u017c, na krajobrazie ko\u0144cz\u0105c.<\/p>\n<p>&nbsp;<\/p>\n<p>Od 2010 do 2013 roku prowadzi\u0142 k\u00f3\u0142ko fotograficzne \u201eOgrodowa 24\u201d przy Fundacji \u015aw. Barnaby w Cz\u0119stochowie sk\u0105d jedna z wychowanek Karolina Miechowska (lat 13) ju\u017c odnosi pierwsze sukcesy zdobywaj\u0105c nagrody i stypendia.<br \/>\nOd 2013 roku jest nauczycielem fotografii w Fototechniku w ZS Prus w Cz\u0119stochowie.<br \/>\nCo roku organizuje r\u00f3wnie\u017c cykl warsztat\u00f3w ze street photo i fotografii analogowej oraz technik obr\u00f3bki w ciemni.<\/p>\n<p>&nbsp;<\/p>\n<p><img loading=\"lazy\" decoding=\"async\" class=\"aligncenter\" alt=\"Aleje - tu si\u0119 dzieje - maj 2015\" src=\"https:\/\/www.jurajski-fotoklub.pl\/wp-content\/uploads\/2015\/05\/plakat_Aleje_maj_podglad-731x1024.jpg\" width=\"627\" height=\"878\" \/><\/p>\n","protected":false},"excerpt":{"rendered":"<p>We wtorek, 12 maja, o godz. 19.00 w Odwachu (Aleja Naj\u015bwi\u0119tszej Maryi Panny 45a) odb\u0119dzie si\u0119 pierwsze spotkanie z fotografi\u0105 w ramach projektu \u201eAleje &#8211; tu si\u0119 dzieje\u201d. Organizatorem spotka\u0144 jest Wydzia\u0142 Kultury, Promocji i Sportu Urz\u0119du Miasta Cz\u0119stochowy oraz Fundacja Festiwal Sztuki Fotoreporta\u017cu. Nasze wieczorne spotkania fotograficzne, odbywa\u0107 si\u0119 b\u0119d\u0105 we wtorki, zamiennie ze [&hellip;]<\/p>\n","protected":false},"author":11,"featured_media":0,"parent":1040,"menu_order":0,"comment_status":"open","ping_status":"open","template":"","meta":{"footnotes":""},"class_list":["post-2402","page","type-page","status-publish","hentry"],"_links":{"self":[{"href":"https:\/\/www.jurajski-fotoklub.pl\/index.php\/wp-json\/wp\/v2\/pages\/2402","targetHints":{"allow":["GET"]}}],"collection":[{"href":"https:\/\/www.jurajski-fotoklub.pl\/index.php\/wp-json\/wp\/v2\/pages"}],"about":[{"href":"https:\/\/www.jurajski-fotoklub.pl\/index.php\/wp-json\/wp\/v2\/types\/page"}],"author":[{"embeddable":true,"href":"https:\/\/www.jurajski-fotoklub.pl\/index.php\/wp-json\/wp\/v2\/users\/11"}],"replies":[{"embeddable":true,"href":"https:\/\/www.jurajski-fotoklub.pl\/index.php\/wp-json\/wp\/v2\/comments?post=2402"}],"version-history":[{"count":3,"href":"https:\/\/www.jurajski-fotoklub.pl\/index.php\/wp-json\/wp\/v2\/pages\/2402\/revisions"}],"predecessor-version":[{"id":2407,"href":"https:\/\/www.jurajski-fotoklub.pl\/index.php\/wp-json\/wp\/v2\/pages\/2402\/revisions\/2407"}],"up":[{"embeddable":true,"href":"https:\/\/www.jurajski-fotoklub.pl\/index.php\/wp-json\/wp\/v2\/pages\/1040"}],"wp:attachment":[{"href":"https:\/\/www.jurajski-fotoklub.pl\/index.php\/wp-json\/wp\/v2\/media?parent=2402"}],"curies":[{"name":"wp","href":"https:\/\/api.w.org\/{rel}","templated":true}]}}