{"id":664,"date":"2013-03-07T20:31:58","date_gmt":"2013-03-07T20:31:58","guid":{"rendered":"http:\/\/www.jurajski-fotoklub.pl\/?page_id=664"},"modified":"2015-03-16T11:44:15","modified_gmt":"2015-03-16T11:44:15","slug":"jodlowski-slawomir","status":"publish","type":"page","link":"https:\/\/www.jurajski-fotoklub.pl\/index.php\/jodlowski-slawomir\/","title":{"rendered":"JOD\u0141OWSKI S\u0142awomir"},"content":{"rendered":"<table width=\"100%\">\n<tbody>\n<tr>\n<td style=\"text-align: center;\" width=\"220\"><span style=\"color: #c0c0c0;\"><a href=\"https:\/\/www.jurajski-fotoklub.pl\/wp-content\/uploads\/2013\/03\/sjportret.jpg\"><span style=\"color: #c0c0c0;\"><img loading=\"lazy\" decoding=\"async\" class=\"alignleft size-medium wp-image-1710\" alt=\"sjportret\" src=\"https:\/\/www.jurajski-fotoklub.pl\/wp-content\/uploads\/2013\/03\/sjportret-228x300.jpg\" width=\"228\" height=\"300\" srcset=\"https:\/\/www.jurajski-fotoklub.pl\/wp-content\/uploads\/2013\/03\/sjportret-228x300.jpg 228w, https:\/\/www.jurajski-fotoklub.pl\/wp-content\/uploads\/2013\/03\/sjportret-778x1024.jpg 778w, https:\/\/www.jurajski-fotoklub.pl\/wp-content\/uploads\/2013\/03\/sjportret.jpg 1787w\" sizes=\"auto, (max-width: 228px) 100vw, 228px\" \/><\/span><\/a><\/span><\/td>\n<td><center><span style=\"font-size: xx-large; color: #c0c0c0;\">S\u0142awomir JOD\u0141OWSKI<br \/>\n<\/span><\/center><\/p>\n<p style=\"text-align: center;\"><span style=\"color: #c0c0c0;\"><strong>Prezes Jurajskiego Fotoklubu RP<br \/>\n<\/strong><\/span><\/p>\n<\/td>\n<\/tr>\n<tr>\n<td>\n<p style=\"text-align: left;\"><span style=\"color: #c0c0c0;\"><strong>Kontakt:<\/strong><\/span><\/p>\n<p>tel. 604350931<\/p>\n<p><a href=\"mailto:jodlowski@rok.czestochowa.pl\">jodlowski@rok.czestochowa.pl<\/a><\/p>\n<p>&nbsp;<\/td>\n<td><span style=\"color: #c0c0c0;\">S\u0142awomir Jod\u0142owski \u2013 \u00a0cz\u0142onek Zwi\u0105zku Polskich Artyst\u00f3w Fotografik\u00f3w, prezes Jurajskiego Fotoklubu RP, wsp\u00f3\u0142pracuje z TVP jako operator obrazu filmowego, tw\u00f3rca i animator kultury w dziedzinie upowszechniania fotografii. Od ponad trzydziestu lat prowadzi dzia\u0142ania promuj\u0105ce fotografie jako warto\u015b\u0107 kulturotw\u00f3rcz\u0105 polegaj\u0105ca na organizacji plener\u00f3w, warsztat\u00f3w, szkole\u0144 i spotka\u0144 z artystami-fotografikami. Przy Galerii dzia\u0142a studio fotograficzne gdzie pod kierunkiem SJ szkol\u0105 si\u0119 w zakresie fotografii studyjnej\u00a0 m\u0142odzi fotograficy. Jest kuratorem Galerii ARTFOTO dzia\u0142aj\u0105cej przy Regionalnym O\u015brodku Kultury w Cz\u0119stochowie. W Galerii prezentuje fotografi\u0119 polsk\u0105 i zagraniczn\u0105, promuje zar\u00f3wno tw\u00f3rc\u00f3w znanych jak i rozpoczynaj\u0105cych karier\u0119 artystyczn\u0105 ze szczeg\u00f3lnym uwzgl\u0119dnieniem \u015brodowiska fotograficznego regionu \u015bl\u0105skiego. Ekspozycje w Galerii ARTFOTO przybli\u017caj\u0105 i promuj\u0105 najnowsze trendy w sztuce nawi\u0105zuj\u0105ce do wykorzystania najnowszych technologii w rejestracji obrazu. Preferuje cyfrowy aspekt sztuki zwi\u0105zany z filozofi\u0105 digitalizacji dzia\u0142a\u0144 tw\u00f3rczych. W Galerii prezentowali swoje prace i go\u015bcili osobi\u015bcie najwybitniejsi polscy fotograficy jak : Edward Hartwig, Ryszard Horowitz, Tomasz Sikora, Pawe\u0142 Pier\u015bci\u0144ski i wielu innych. Ostatnio prezentowane by\u0142y prace kilkunastu s\u0142owackich fotografik\u00f3w a w latach ubieg\u0142ych pokazywa\u0142 prace fotografik\u00f3w litewskich, bu\u0142garskich, ukrai\u0144skich i wielu innych.\u00a0 W sumie zorganizowa\u0142 ponad 300 wystaw fotograficznych. Pomys\u0142odawca kolejnej nowej galerii fotografii FOTOPOBUDKA w Regionalnym O\u015brodku Kultury w Cz\u0119stochowie.Jest pomys\u0142odawc\u0105 i komisarzem najstarszego i najwi\u0119kszego w Polsce Mi\u0119dzynarodowego Konkursu Fotografii Cyfrowej CYBERFOTO kt\u00f3rych odbywa si\u0119 od siedemnastu lat. Konkurs ma na celu promocje fotografii cyfrowej jako sztuki o szczeg\u00f3lnym \u0142adunku kulturotw\u00f3rczym, akcentuje relacje i utrzymanie sta\u0142ej wi\u0119zi z nowoczesn\u0105 jako\u015bci\u0105 kultury wizualnej, kszta\u0142tuj\u0105c\u0105 tak\u017ce nasz\u0105 to\u017csamo\u015b\u0107 narodow\u0105.<\/span><span style=\"color: #c0c0c0;\">Jest wsp\u00f3\u0142za\u0142o\u017cycielem Jurajskiego\u00a0 Fotoklubu Rzeczpospolitej Polskiej, kt\u00f3rego celem jest popieranie dzia\u0142alno\u015bci tw\u00f3rczej w dziedzinie fotografii wymiana informacji oraz dyskusja dotycz\u0105ca spraw\u00a0 artystycznych i technicznych fotografii. Fotoklub skupia coraz to wi\u0119ksz\u0105 ilo\u015b\u0107 cz\u0142onk\u00f3w \/aktualnie 65 os\u00f3b\/ , spotkania w Fotoklubie ciesz\u0105 si\u0119 du\u017c\u0105 popularno\u015bci\u0105 zw\u0142aszcza w\u015br\u00f3d m\u0142odzie\u017cy.<\/span><span style=\"color: #c0c0c0;\">Wsp\u00f3\u0142pracuje z wieloma fotografikami i Galeriami zagranicznymi co owocuje mi\u0119dzynarodow\u0105 wymian\u0105 fotograficzn\u0105 integruj\u0105c\u0105 europejska fotografie<\/span><\/p>\n<p><span style=\"color: #c0c0c0;\">Jest absolwentem Wy\u017cszej Szko\u0142y Fotografii w Warszawie. Jako cz\u0142onek Zwi\u0105zku Polskich Artyst\u00f3w Fotografik\u00f3w jest aktywnym tw\u00f3rc\u0105, posiada na swym koncie kilka wystaw indywidualnych w kraju i zagranic\u0105. Publikowa\u0142 artyku\u0142y w prasie fotograficznej polskiej i zagranicznej : m.in. FOTO i POZYTYW. Reprezentowa\u0142 wojew\u00f3dztwo \u015bl\u0105skie na wystawie fotografii \u201eObecna Nieobecno\u015b\u0107\u201d w Mediolanie. Laureat odznaki Zas\u0142u\u017cony Dzia\u0142acz Kultury przyznanej przez Ministerstwo Kultury i Dziedzictwa Narodowego. Laureat nagrody Zwi\u0105zku Polskich Artyst\u00f3w Fotografik\u00f3w za upowszechnianie i ochron\u0119 d\u00f3br kultury \/2013 r.\/Laureat Nagrody Prezydenta Miasta Cz\u0119stochowy w dziedzinie upowszechniania kultury. Laureat stypendium artystycznego przyznanego przez Marsza\u0142ka wojew\u00f3dztwa \u015bl\u0105skiego. Autor albumu fotograficznego JURAJSKIE FOTOKLIMATY.<\/span><\/td>\n<\/tr>\n<tr>\n<td colspan=\"2\"><span style=\"color: #c0c0c0;\"><strong>Galeria:<\/strong><\/span><\/p>\n<div class=\"issuuembed\" style=\"width: 525px; height: 351px;\" data-configid=\"3571305\/2056799\"><\/div>\n<p>&nbsp;<\/p>\n<p style=\"text-align: center;\"><span style=\"color: #c0c0c0;\"><strong>[nggallery id=86]<\/strong><\/span><\/p>\n<\/td>\n<\/tr>\n<\/tbody>\n<\/table>\n","protected":false},"excerpt":{"rendered":"<p>S\u0142awomir JOD\u0141OWSKI Prezes Jurajskiego Fotoklubu RP Kontakt: tel. 604350931 jodlowski@rok.czestochowa.pl &nbsp; S\u0142awomir Jod\u0142owski \u2013 \u00a0cz\u0142onek Zwi\u0105zku Polskich Artyst\u00f3w Fotografik\u00f3w, prezes Jurajskiego Fotoklubu RP, wsp\u00f3\u0142pracuje z TVP jako operator obrazu filmowego, tw\u00f3rca i animator kultury w dziedzinie upowszechniania fotografii. Od ponad trzydziestu lat prowadzi dzia\u0142ania promuj\u0105ce fotografie jako warto\u015b\u0107 kulturotw\u00f3rcz\u0105 polegaj\u0105ca na organizacji plener\u00f3w, warsztat\u00f3w, szkole\u0144 [&hellip;]<\/p>\n","protected":false},"author":1,"featured_media":0,"parent":0,"menu_order":0,"comment_status":"closed","ping_status":"open","template":"","meta":{"footnotes":""},"class_list":["post-664","page","type-page","status-publish","hentry"],"_links":{"self":[{"href":"https:\/\/www.jurajski-fotoklub.pl\/index.php\/wp-json\/wp\/v2\/pages\/664","targetHints":{"allow":["GET"]}}],"collection":[{"href":"https:\/\/www.jurajski-fotoklub.pl\/index.php\/wp-json\/wp\/v2\/pages"}],"about":[{"href":"https:\/\/www.jurajski-fotoklub.pl\/index.php\/wp-json\/wp\/v2\/types\/page"}],"author":[{"embeddable":true,"href":"https:\/\/www.jurajski-fotoklub.pl\/index.php\/wp-json\/wp\/v2\/users\/1"}],"replies":[{"embeddable":true,"href":"https:\/\/www.jurajski-fotoklub.pl\/index.php\/wp-json\/wp\/v2\/comments?post=664"}],"version-history":[{"count":14,"href":"https:\/\/www.jurajski-fotoklub.pl\/index.php\/wp-json\/wp\/v2\/pages\/664\/revisions"}],"predecessor-version":[{"id":2283,"href":"https:\/\/www.jurajski-fotoklub.pl\/index.php\/wp-json\/wp\/v2\/pages\/664\/revisions\/2283"}],"wp:attachment":[{"href":"https:\/\/www.jurajski-fotoklub.pl\/index.php\/wp-json\/wp\/v2\/media?parent=664"}],"curies":[{"name":"wp","href":"https:\/\/api.w.org\/{rel}","templated":true}]}}